{"id":2685,"date":"2023-11-20T14:31:53","date_gmt":"2023-11-20T14:31:53","guid":{"rendered":"https:\/\/ifmsaspain.org\/?page_id=2685"},"modified":"2023-11-20T14:40:55","modified_gmt":"2023-11-20T14:40:55","slug":"programas","status":"publish","type":"page","link":"https:\/\/ifmsaspain.org\/index.php\/programas\/","title":{"rendered":"Programas"},"content":{"rendered":"\t\t<div data-elementor-type=\"wp-page\" data-elementor-id=\"2685\" class=\"elementor elementor-2685\">\n\t\t\t\t\t\t\t\t\t<section class=\"elementor-section elementor-top-section elementor-element elementor-element-7031f326 elementor-section-content-middle elementor-section-boxed elementor-section-height-default elementor-section-height-default\" data-id=\"7031f326\" data-element_type=\"section\" data-settings=\"{&quot;background_background&quot;:&quot;classic&quot;}\">\n\t\t\t\t\t\t<div class=\"elementor-container elementor-column-gap-no\">\n\t\t\t\t\t<div class=\"elementor-column elementor-col-100 elementor-top-column elementor-element elementor-element-75fa38bc\" data-id=\"75fa38bc\" data-element_type=\"column\">\n\t\t\t<div class=\"elementor-widget-wrap elementor-element-populated\">\n\t\t\t\t\t\t\t\t<div class=\"elementor-element elementor-element-75821f3f elementor-widget elementor-widget-heading\" data-id=\"75821f3f\" data-element_type=\"widget\" data-widget_type=\"heading.default\">\n\t\t\t\t<div class=\"elementor-widget-container\">\n\t\t\t<style>\/*! elementor - v3.17.0 - 08-11-2023 *\/\n.elementor-heading-title{padding:0;margin:0;line-height:1}.elementor-widget-heading .elementor-heading-title[class*=elementor-size-]>a{color:inherit;font-size:inherit;line-height:inherit}.elementor-widget-heading .elementor-heading-title.elementor-size-small{font-size:15px}.elementor-widget-heading .elementor-heading-title.elementor-size-medium{font-size:19px}.elementor-widget-heading .elementor-heading-title.elementor-size-large{font-size:29px}.elementor-widget-heading .elementor-heading-title.elementor-size-xl{font-size:39px}.elementor-widget-heading .elementor-heading-title.elementor-size-xxl{font-size:59px}<\/style><h4 class=\"elementor-heading-title elementor-size-default\">Programas<\/h4>\t\t<\/div>\n\t\t\t\t<\/div>\n\t\t\t\t<div class=\"elementor-element elementor-element-6cc79d0d elementor-widget elementor-widget-text-editor\" data-id=\"6cc79d0d\" data-element_type=\"widget\" data-widget_type=\"text-editor.default\">\n\t\t\t\t<div class=\"elementor-widget-container\">\n\t\t\t<style>\/*! elementor - v3.17.0 - 08-11-2023 *\/\n.elementor-widget-text-editor.elementor-drop-cap-view-stacked .elementor-drop-cap{background-color:#69727d;color:#fff}.elementor-widget-text-editor.elementor-drop-cap-view-framed .elementor-drop-cap{color:#69727d;border:3px solid;background-color:transparent}.elementor-widget-text-editor:not(.elementor-drop-cap-view-default) .elementor-drop-cap{margin-top:8px}.elementor-widget-text-editor:not(.elementor-drop-cap-view-default) .elementor-drop-cap-letter{width:1em;height:1em}.elementor-widget-text-editor .elementor-drop-cap{float:left;text-align:center;line-height:1;font-size:50px}.elementor-widget-text-editor .elementor-drop-cap-letter{display:inline-block}<\/style>\t\t\t\t<p>Los programas de IFMSA-Spain son flujos centralizados de las actividades organizadas, tanto por los Comit\u00e9s Locales que conforman la Federaci\u00f3n, como por la propia IFMSA-Spain a nivel nacional.&nbsp;<\/p>\n<p>Abordan problemas dentro de un campo espec\u00edfico que el estudiantado de medicna, como defensores de la salud global, considera importantes tratar en el \u00e1mbito local, regional y nacional.<\/p>\t\t\t\t\t\t<\/div>\n\t\t\t\t<\/div>\n\t\t\t\t\t<\/div>\n\t\t<\/div>\n\t\t\t\t\t\t\t<\/div>\n\t\t<\/section>\n\t\t\t\t<section class=\"elementor-section elementor-top-section elementor-element elementor-element-31555b41 elementor-section-content-middle elementor-section-boxed elementor-section-height-default elementor-section-height-default\" data-id=\"31555b41\" data-element_type=\"section\">\n\t\t\t\t\t\t<div class=\"elementor-container elementor-column-gap-no\">\n\t\t\t\t\t<div class=\"elementor-column elementor-col-100 elementor-top-column elementor-element elementor-element-2ba9c15\" data-id=\"2ba9c15\" data-element_type=\"column\">\n\t\t\t<div class=\"elementor-widget-wrap elementor-element-populated\">\n\t\t\t\t\t\t\t\t<section class=\"elementor-section elementor-inner-section elementor-element elementor-element-1c13b95b elementor-section-content-middle elementor-section-boxed elementor-section-height-default elementor-section-height-default\" data-id=\"1c13b95b\" data-element_type=\"section\">\n\t\t\t\t\t\t<div class=\"elementor-container elementor-column-gap-no\">\n\t\t\t\t\t<div class=\"elementor-column elementor-col-50 elementor-inner-column elementor-element elementor-element-1d9f4307\" data-id=\"1d9f4307\" data-element_type=\"column\" data-settings=\"{&quot;background_background&quot;:&quot;classic&quot;}\">\n\t\t\t<div class=\"elementor-widget-wrap elementor-element-populated\">\n\t\t\t\t\t\t\t\t<div class=\"elementor-element elementor-element-a695ba5 elementor-widget elementor-widget-image\" data-id=\"a695ba5\" data-element_type=\"widget\" data-widget_type=\"image.default\">\n\t\t\t\t<div class=\"elementor-widget-container\">\n\t\t\t<style>\/*! elementor - v3.17.0 - 08-11-2023 *\/\n.elementor-widget-image{text-align:center}.elementor-widget-image a{display:inline-block}.elementor-widget-image a img[src$=\".svg\"]{width:48px}.elementor-widget-image img{vertical-align:middle;display:inline-block}<\/style>\t\t\t\t\t\t\t\t\t\t\t\t<img loading=\"lazy\" decoding=\"async\" width=\"612\" height=\"408\" src=\"https:\/\/ifmsaspain.org\/wp-content\/uploads\/2023\/11\/salud-publica-y-prevencion-1.jpg\" class=\"attachment-large size-large wp-image-2689\" alt=\"\" srcset=\"https:\/\/ifmsaspain.org\/wp-content\/uploads\/2023\/11\/salud-publica-y-prevencion-1.jpg 612w, https:\/\/ifmsaspain.org\/wp-content\/uploads\/2023\/11\/salud-publica-y-prevencion-1-300x200.jpg 300w\" sizes=\"auto, (max-width: 612px) 100vw, 612px\" \/>\t\t\t\t\t\t\t\t\t\t\t\t\t\t\t<\/div>\n\t\t\t\t<\/div>\n\t\t\t\t<div class=\"elementor-element elementor-element-3af56e2e elementor-widget elementor-widget-image-box\" data-id=\"3af56e2e\" data-element_type=\"widget\" data-widget_type=\"image-box.default\">\n\t\t\t\t<div class=\"elementor-widget-container\">\n\t\t\t<style>\/*! elementor - v3.17.0 - 08-11-2023 *\/\n.elementor-widget-image-box .elementor-image-box-content{width:100%}@media (min-width:768px){.elementor-widget-image-box.elementor-position-left .elementor-image-box-wrapper,.elementor-widget-image-box.elementor-position-right .elementor-image-box-wrapper{display:flex}.elementor-widget-image-box.elementor-position-right .elementor-image-box-wrapper{text-align:right;flex-direction:row-reverse}.elementor-widget-image-box.elementor-position-left .elementor-image-box-wrapper{text-align:left;flex-direction:row}.elementor-widget-image-box.elementor-position-top .elementor-image-box-img{margin:auto}.elementor-widget-image-box.elementor-vertical-align-top .elementor-image-box-wrapper{align-items:flex-start}.elementor-widget-image-box.elementor-vertical-align-middle .elementor-image-box-wrapper{align-items:center}.elementor-widget-image-box.elementor-vertical-align-bottom .elementor-image-box-wrapper{align-items:flex-end}}@media (max-width:767px){.elementor-widget-image-box .elementor-image-box-img{margin-left:auto!important;margin-right:auto!important;margin-bottom:15px}}.elementor-widget-image-box .elementor-image-box-img{display:inline-block}.elementor-widget-image-box .elementor-image-box-title a{color:inherit}.elementor-widget-image-box .elementor-image-box-wrapper{text-align:center}.elementor-widget-image-box .elementor-image-box-description{margin:0}<\/style><div class=\"elementor-image-box-wrapper\"><div class=\"elementor-image-box-content\"><h3 class=\"elementor-image-box-title\">Salud P\u00fablica y Prevenci\u00f3n<\/h3><p class=\"elementor-image-box-description\">Centrado en la promoci\u00f3n de la salud a nivel de la poblaci\u00f3n, abordando temas de prevenci\u00f3n de enfermedades, promoci\u00f3n de estilos de vida saludables y garant\u00eda de acceso a servicios de atenci\u00f3n m\u00e9dica preventiva.<\/p><\/div><\/div>\t\t<\/div>\n\t\t\t\t<\/div>\n\t\t\t\t\t<\/div>\n\t\t<\/div>\n\t\t\t\t<div class=\"elementor-column elementor-col-50 elementor-inner-column elementor-element elementor-element-63d65adf\" data-id=\"63d65adf\" data-element_type=\"column\" data-settings=\"{&quot;background_background&quot;:&quot;classic&quot;}\">\n\t\t\t<div class=\"elementor-widget-wrap elementor-element-populated\">\n\t\t\t\t\t\t\t\t<div class=\"elementor-element elementor-element-a727206 elementor-widget elementor-widget-image\" data-id=\"a727206\" data-element_type=\"widget\" data-widget_type=\"image.default\">\n\t\t\t\t<div class=\"elementor-widget-container\">\n\t\t\t\t\t\t\t\t\t\t\t\t\t\t\t<img loading=\"lazy\" decoding=\"async\" width=\"612\" height=\"499\" src=\"https:\/\/ifmsaspain.org\/wp-content\/uploads\/2023\/11\/Salud-Mental.jpg\" class=\"attachment-large size-large wp-image-2687\" alt=\"\" srcset=\"https:\/\/ifmsaspain.org\/wp-content\/uploads\/2023\/11\/Salud-Mental.jpg 612w, https:\/\/ifmsaspain.org\/wp-content\/uploads\/2023\/11\/Salud-Mental-300x245.jpg 300w\" sizes=\"auto, (max-width: 612px) 100vw, 612px\" \/>\t\t\t\t\t\t\t\t\t\t\t\t\t\t\t<\/div>\n\t\t\t\t<\/div>\n\t\t\t\t<div class=\"elementor-element elementor-element-6c57ea9b elementor-widget elementor-widget-image-box\" data-id=\"6c57ea9b\" data-element_type=\"widget\" data-widget_type=\"image-box.default\">\n\t\t\t\t<div class=\"elementor-widget-container\">\n\t\t\t<div class=\"elementor-image-box-wrapper\"><div class=\"elementor-image-box-content\"><h3 class=\"elementor-image-box-title\">Salud Mental<\/h3><p class=\"elementor-image-box-description\">Aborda problemas relacionados con la salud mental, incluyendo la prevenci\u00f3n, el tratamiento y la concienciaci\u00f3n sobre trastornos mentales y el bienestar emocional.<\/p><\/div><\/div>\t\t<\/div>\n\t\t\t\t<\/div>\n\t\t\t\t\t<\/div>\n\t\t<\/div>\n\t\t\t\t\t\t\t<\/div>\n\t\t<\/section>\n\t\t\t\t<section class=\"elementor-section elementor-inner-section elementor-element elementor-element-241713d8 elementor-section-content-middle elementor-section-boxed elementor-section-height-default elementor-section-height-default\" data-id=\"241713d8\" data-element_type=\"section\">\n\t\t\t\t\t\t<div class=\"elementor-container elementor-column-gap-no\">\n\t\t\t\t\t<div class=\"elementor-column elementor-col-50 elementor-inner-column elementor-element elementor-element-26f4244f\" data-id=\"26f4244f\" data-element_type=\"column\" data-settings=\"{&quot;background_background&quot;:&quot;classic&quot;}\">\n\t\t\t<div class=\"elementor-widget-wrap elementor-element-populated\">\n\t\t\t\t\t\t\t\t<div class=\"elementor-element elementor-element-785411f elementor-widget elementor-widget-image\" data-id=\"785411f\" data-element_type=\"widget\" data-widget_type=\"image.default\">\n\t\t\t\t<div class=\"elementor-widget-container\">\n\t\t\t\t\t\t\t\t\t\t\t\t\t\t\t<img loading=\"lazy\" decoding=\"async\" width=\"612\" height=\"329\" src=\"https:\/\/ifmsaspain.org\/wp-content\/uploads\/2023\/11\/DDHH.jpg\" class=\"attachment-large size-large wp-image-2690\" alt=\"\" srcset=\"https:\/\/ifmsaspain.org\/wp-content\/uploads\/2023\/11\/DDHH.jpg 612w, https:\/\/ifmsaspain.org\/wp-content\/uploads\/2023\/11\/DDHH-300x161.jpg 300w\" sizes=\"auto, (max-width: 612px) 100vw, 612px\" \/>\t\t\t\t\t\t\t\t\t\t\t\t\t\t\t<\/div>\n\t\t\t\t<\/div>\n\t\t\t\t<div class=\"elementor-element elementor-element-37168164 elementor-widget elementor-widget-image-box\" data-id=\"37168164\" data-element_type=\"widget\" data-widget_type=\"image-box.default\">\n\t\t\t\t<div class=\"elementor-widget-container\">\n\t\t\t<div class=\"elementor-image-box-wrapper\"><div class=\"elementor-image-box-content\"><h3 class=\"elementor-image-box-title\">Derechos Humanos y Paz<\/h3><p class=\"elementor-image-box-description\">Trabajo orientado a la defensa y promoci\u00f3n de los derechos humanos, as\u00ed como a la construcci\u00f3n y mantenimiento de la paz en \u00e1reas afectadas por conflictos y violaciones a los derechos fundamentales.<\/p><\/div><\/div>\t\t<\/div>\n\t\t\t\t<\/div>\n\t\t\t\t\t<\/div>\n\t\t<\/div>\n\t\t\t\t<div class=\"elementor-column elementor-col-50 elementor-inner-column elementor-element elementor-element-6cbe4e26\" data-id=\"6cbe4e26\" data-element_type=\"column\" data-settings=\"{&quot;background_background&quot;:&quot;classic&quot;}\">\n\t\t\t<div class=\"elementor-widget-wrap elementor-element-populated\">\n\t\t\t\t\t\t\t\t<div class=\"elementor-element elementor-element-9cd7f70 elementor-widget elementor-widget-image\" data-id=\"9cd7f70\" data-element_type=\"widget\" data-widget_type=\"image.default\">\n\t\t\t\t<div class=\"elementor-widget-container\">\n\t\t\t\t\t\t\t\t\t\t\t\t\t\t\t<img loading=\"lazy\" decoding=\"async\" width=\"612\" height=\"408\" src=\"https:\/\/ifmsaspain.org\/wp-content\/uploads\/2023\/11\/EDUCACION-MEDICA.jpg\" class=\"attachment-large size-large wp-image-2694\" alt=\"\" srcset=\"https:\/\/ifmsaspain.org\/wp-content\/uploads\/2023\/11\/EDUCACION-MEDICA.jpg 612w, https:\/\/ifmsaspain.org\/wp-content\/uploads\/2023\/11\/EDUCACION-MEDICA-300x200.jpg 300w\" sizes=\"auto, (max-width: 612px) 100vw, 612px\" \/>\t\t\t\t\t\t\t\t\t\t\t\t\t\t\t<\/div>\n\t\t\t\t<\/div>\n\t\t\t\t<div class=\"elementor-element elementor-element-780b4e5d elementor-widget elementor-widget-image-box\" data-id=\"780b4e5d\" data-element_type=\"widget\" data-widget_type=\"image-box.default\">\n\t\t\t\t<div class=\"elementor-widget-container\">\n\t\t\t<div class=\"elementor-image-box-wrapper\"><div class=\"elementor-image-box-content\"><h3 class=\"elementor-image-box-title\">Educaci\u00f3n M\u00e9dica<\/h3><p class=\"elementor-image-box-description\">Se enfoca en la formaci\u00f3n y capacitaci\u00f3n de profesionales de la salud, asegurando la calidad y la actualizaci\u00f3n constante de los conocimientos y habilidades necesarios en el campo m\u00e9dico.<\/p><\/div><\/div>\t\t<\/div>\n\t\t\t\t<\/div>\n\t\t\t\t\t<\/div>\n\t\t<\/div>\n\t\t\t\t\t\t\t<\/div>\n\t\t<\/section>\n\t\t\t\t<section class=\"elementor-section elementor-inner-section elementor-element elementor-element-75aab29 elementor-section-content-middle elementor-section-boxed elementor-section-height-default elementor-section-height-default\" data-id=\"75aab29\" data-element_type=\"section\">\n\t\t\t\t\t\t<div class=\"elementor-container elementor-column-gap-no\">\n\t\t\t\t\t<div class=\"elementor-column elementor-col-50 elementor-inner-column elementor-element elementor-element-3f0a16e\" data-id=\"3f0a16e\" data-element_type=\"column\" data-settings=\"{&quot;background_background&quot;:&quot;classic&quot;}\">\n\t\t\t<div class=\"elementor-widget-wrap elementor-element-populated\">\n\t\t\t\t\t\t\t\t<div class=\"elementor-element elementor-element-38285f3 elementor-widget elementor-widget-image\" data-id=\"38285f3\" data-element_type=\"widget\" data-widget_type=\"image.default\">\n\t\t\t\t<div class=\"elementor-widget-container\">\n\t\t\t\t\t\t\t\t\t\t\t\t\t\t\t<img loading=\"lazy\" decoding=\"async\" width=\"612\" height=\"333\" src=\"https:\/\/ifmsaspain.org\/wp-content\/uploads\/2023\/11\/SRHR.jpg\" class=\"attachment-large size-large wp-image-2695\" alt=\"\" srcset=\"https:\/\/ifmsaspain.org\/wp-content\/uploads\/2023\/11\/SRHR.jpg 612w, https:\/\/ifmsaspain.org\/wp-content\/uploads\/2023\/11\/SRHR-300x163.jpg 300w\" sizes=\"auto, (max-width: 612px) 100vw, 612px\" \/>\t\t\t\t\t\t\t\t\t\t\t\t\t\t\t<\/div>\n\t\t\t\t<\/div>\n\t\t\t\t<div class=\"elementor-element elementor-element-f7c0b97 elementor-widget elementor-widget-image-box\" data-id=\"f7c0b97\" data-element_type=\"widget\" data-widget_type=\"image-box.default\">\n\t\t\t\t<div class=\"elementor-widget-container\">\n\t\t\t<div class=\"elementor-image-box-wrapper\"><div class=\"elementor-image-box-content\"><h3 class=\"elementor-image-box-title\">Salud Sexual y Reproductiva<\/h3><p class=\"elementor-image-box-description\">Aborda cuestiones relacionadas con la salud sexual en general, incluyendo la planificaci\u00f3n familiar, la prevenci\u00f3n de enfermedades de transmisi\u00f3n sexual y la promoci\u00f3n de una sexualidad saludable.<\/p><\/div><\/div>\t\t<\/div>\n\t\t\t\t<\/div>\n\t\t\t\t\t<\/div>\n\t\t<\/div>\n\t\t\t\t<div class=\"elementor-column elementor-col-50 elementor-inner-column elementor-element elementor-element-0696dc0\" data-id=\"0696dc0\" data-element_type=\"column\" data-settings=\"{&quot;background_background&quot;:&quot;classic&quot;}\">\n\t\t\t<div class=\"elementor-widget-wrap elementor-element-populated\">\n\t\t\t\t\t\t\t\t<div class=\"elementor-element elementor-element-c82551e elementor-widget elementor-widget-image\" data-id=\"c82551e\" data-element_type=\"widget\" data-widget_type=\"image.default\">\n\t\t\t\t<div class=\"elementor-widget-container\">\n\t\t\t\t\t\t\t\t\t\t\t\t\t\t\t<img loading=\"lazy\" decoding=\"async\" width=\"612\" height=\"434\" src=\"https:\/\/ifmsaspain.org\/wp-content\/uploads\/2023\/11\/LGTBIQ-1.jpg\" class=\"attachment-large size-large wp-image-2697\" alt=\"\" srcset=\"https:\/\/ifmsaspain.org\/wp-content\/uploads\/2023\/11\/LGTBIQ-1.jpg 612w, https:\/\/ifmsaspain.org\/wp-content\/uploads\/2023\/11\/LGTBIQ-1-300x213.jpg 300w\" sizes=\"auto, (max-width: 612px) 100vw, 612px\" \/>\t\t\t\t\t\t\t\t\t\t\t\t\t\t\t<\/div>\n\t\t\t\t<\/div>\n\t\t\t\t<div class=\"elementor-element elementor-element-b9f1489 elementor-widget elementor-widget-image-box\" data-id=\"b9f1489\" data-element_type=\"widget\" data-widget_type=\"image-box.default\">\n\t\t\t\t<div class=\"elementor-widget-container\">\n\t\t\t<div class=\"elementor-image-box-wrapper\"><div class=\"elementor-image-box-content\"><h3 class=\"elementor-image-box-title\">Colectivo LGTBIQ+<\/h3><p class=\"elementor-image-box-description\">Se centra en la promoci\u00f3n de los derechos y el bienestar del colectivo LGTBIQ+, combatiendo la discriminaci\u00f3n y promoviendo la igualdad de oportunidades.<\/p><\/div><\/div>\t\t<\/div>\n\t\t\t\t<\/div>\n\t\t\t\t\t<\/div>\n\t\t<\/div>\n\t\t\t\t\t\t\t<\/div>\n\t\t<\/section>\n\t\t\t\t<section class=\"elementor-section elementor-inner-section elementor-element elementor-element-8c7fe65 elementor-section-content-middle elementor-section-boxed elementor-section-height-default elementor-section-height-default\" data-id=\"8c7fe65\" data-element_type=\"section\">\n\t\t\t\t\t\t<div class=\"elementor-container elementor-column-gap-no\">\n\t\t\t\t\t<div class=\"elementor-column elementor-col-50 elementor-inner-column elementor-element elementor-element-e2c747f\" data-id=\"e2c747f\" data-element_type=\"column\" data-settings=\"{&quot;background_background&quot;:&quot;classic&quot;}\">\n\t\t\t<div class=\"elementor-widget-wrap elementor-element-populated\">\n\t\t\t\t\t\t\t\t<div class=\"elementor-element elementor-element-05dc0a9 elementor-widget elementor-widget-image\" data-id=\"05dc0a9\" data-element_type=\"widget\" data-widget_type=\"image.default\">\n\t\t\t\t<div class=\"elementor-widget-container\">\n\t\t\t\t\t\t\t\t\t\t\t\t\t\t\t<img loading=\"lazy\" decoding=\"async\" width=\"557\" height=\"470\" src=\"https:\/\/ifmsaspain.org\/wp-content\/uploads\/2023\/11\/MEDIOAMBIENTE-1.jpg\" class=\"attachment-large size-large wp-image-2700\" alt=\"\" srcset=\"https:\/\/ifmsaspain.org\/wp-content\/uploads\/2023\/11\/MEDIOAMBIENTE-1.jpg 557w, https:\/\/ifmsaspain.org\/wp-content\/uploads\/2023\/11\/MEDIOAMBIENTE-1-300x253.jpg 300w\" sizes=\"auto, (max-width: 557px) 100vw, 557px\" \/>\t\t\t\t\t\t\t\t\t\t\t\t\t\t\t<\/div>\n\t\t\t\t<\/div>\n\t\t\t\t<div class=\"elementor-element elementor-element-37de7cb elementor-widget elementor-widget-image-box\" data-id=\"37de7cb\" data-element_type=\"widget\" data-widget_type=\"image-box.default\">\n\t\t\t\t<div class=\"elementor-widget-container\">\n\t\t\t<div class=\"elementor-image-box-wrapper\"><div class=\"elementor-image-box-content\"><h3 class=\"elementor-image-box-title\">Medioambiente y Salud<\/h3><p class=\"elementor-image-box-description\">Se ocupa de la interconexi\u00f3n entre el medio ambiente y la salud humana, abordando problemas como la contaminaci\u00f3n del aire y del agua, el cambio clim\u00e1tico y la influencia de factores ambientales en la salud.<\/p><\/div><\/div>\t\t<\/div>\n\t\t\t\t<\/div>\n\t\t\t\t\t<\/div>\n\t\t<\/div>\n\t\t\t\t<div class=\"elementor-column elementor-col-50 elementor-inner-column elementor-element elementor-element-35e449b\" data-id=\"35e449b\" data-element_type=\"column\" data-settings=\"{&quot;background_background&quot;:&quot;classic&quot;}\">\n\t\t\t<div class=\"elementor-widget-wrap elementor-element-populated\">\n\t\t\t\t\t\t\t\t<div class=\"elementor-element elementor-element-d71092f elementor-widget elementor-widget-image\" data-id=\"d71092f\" data-element_type=\"widget\" data-widget_type=\"image.default\">\n\t\t\t\t<div class=\"elementor-widget-container\">\n\t\t\t\t\t\t\t\t\t\t\t\t\t\t\t<img loading=\"lazy\" decoding=\"async\" width=\"612\" height=\"612\" src=\"https:\/\/ifmsaspain.org\/wp-content\/uploads\/2023\/11\/MATERNAL.jpg\" class=\"attachment-large size-large wp-image-2698\" alt=\"\" srcset=\"https:\/\/ifmsaspain.org\/wp-content\/uploads\/2023\/11\/MATERNAL.jpg 612w, https:\/\/ifmsaspain.org\/wp-content\/uploads\/2023\/11\/MATERNAL-300x300.jpg 300w, https:\/\/ifmsaspain.org\/wp-content\/uploads\/2023\/11\/MATERNAL-150x150.jpg 150w\" sizes=\"auto, (max-width: 612px) 100vw, 612px\" \/>\t\t\t\t\t\t\t\t\t\t\t\t\t\t\t<\/div>\n\t\t\t\t<\/div>\n\t\t\t\t<div class=\"elementor-element elementor-element-7422eb3 elementor-widget elementor-widget-image-box\" data-id=\"7422eb3\" data-element_type=\"widget\" data-widget_type=\"image-box.default\">\n\t\t\t\t<div class=\"elementor-widget-container\">\n\t\t\t<div class=\"elementor-image-box-wrapper\"><div class=\"elementor-image-box-content\"><h3 class=\"elementor-image-box-title\">Salud Maternal y <br>Acceso al Aborto Seguro<\/h3><p class=\"elementor-image-box-description\">Enfocado en garantizar la salud y el bienestar de las mujeres durante el embarazo y el parto, as\u00ed como abogar por el acceso seguro y legal al aborto cuando sea necesario.<\/p><\/div><\/div>\t\t<\/div>\n\t\t\t\t<\/div>\n\t\t\t\t\t<\/div>\n\t\t<\/div>\n\t\t\t\t\t\t\t<\/div>\n\t\t<\/section>\n\t\t\t\t<section class=\"elementor-section elementor-inner-section elementor-element elementor-element-b1308ac elementor-section-content-middle elementor-section-boxed elementor-section-height-default elementor-section-height-default\" data-id=\"b1308ac\" data-element_type=\"section\">\n\t\t\t\t\t\t<div class=\"elementor-container elementor-column-gap-no\">\n\t\t\t\t\t<div class=\"elementor-column elementor-col-50 elementor-inner-column elementor-element elementor-element-7d0f596\" data-id=\"7d0f596\" data-element_type=\"column\" data-settings=\"{&quot;background_background&quot;:&quot;classic&quot;}\">\n\t\t\t<div class=\"elementor-widget-wrap elementor-element-populated\">\n\t\t\t\t\t\t\t\t<div class=\"elementor-element elementor-element-45bf1d6 elementor-widget elementor-widget-image\" data-id=\"45bf1d6\" data-element_type=\"widget\" data-widget_type=\"image.default\">\n\t\t\t\t<div class=\"elementor-widget-container\">\n\t\t\t\t\t\t\t\t\t\t\t\t\t\t\t<img loading=\"lazy\" decoding=\"async\" width=\"612\" height=\"344\" src=\"https:\/\/ifmsaspain.org\/wp-content\/uploads\/2023\/11\/IGUALDAD.jpg\" class=\"attachment-large size-large wp-image-2692\" alt=\"\" srcset=\"https:\/\/ifmsaspain.org\/wp-content\/uploads\/2023\/11\/IGUALDAD.jpg 612w, https:\/\/ifmsaspain.org\/wp-content\/uploads\/2023\/11\/IGUALDAD-300x169.jpg 300w\" sizes=\"auto, (max-width: 612px) 100vw, 612px\" \/>\t\t\t\t\t\t\t\t\t\t\t\t\t\t\t<\/div>\n\t\t\t\t<\/div>\n\t\t\t\t<div class=\"elementor-element elementor-element-d50ab63 elementor-widget elementor-widget-image-box\" data-id=\"d50ab63\" data-element_type=\"widget\" data-widget_type=\"image-box.default\">\n\t\t\t\t<div class=\"elementor-widget-container\">\n\t\t\t<div class=\"elementor-image-box-wrapper\"><div class=\"elementor-image-box-content\"><h3 class=\"elementor-image-box-title\">Igualdad y Violencia de G\u00e9nero<\/h3><p class=\"elementor-image-box-description\">Trabajo centrado en la promoci\u00f3n de la igualdad de g\u00e9nero y la eliminaci\u00f3n de la violencia basada en el g\u00e9nero, abordando temas como la discriminaci\u00f3n, el acoso y la violencia contra mujeres y ni\u00f1as.<\/p><\/div><\/div>\t\t<\/div>\n\t\t\t\t<\/div>\n\t\t\t\t\t<\/div>\n\t\t<\/div>\n\t\t\t\t<div class=\"elementor-column elementor-col-50 elementor-inner-column elementor-element elementor-element-87577ef\" data-id=\"87577ef\" data-element_type=\"column\" data-settings=\"{&quot;background_background&quot;:&quot;classic&quot;}\">\n\t\t\t<div class=\"elementor-widget-wrap elementor-element-populated\">\n\t\t\t\t\t\t\t\t<div class=\"elementor-element elementor-element-1a8c5d9 elementor-widget elementor-widget-image\" data-id=\"1a8c5d9\" data-element_type=\"widget\" data-widget_type=\"image.default\">\n\t\t\t\t<div class=\"elementor-widget-container\">\n\t\t\t\t\t\t\t\t\t\t\t\t\t\t\t<img loading=\"lazy\" decoding=\"async\" width=\"612\" height=\"385\" src=\"https:\/\/ifmsaspain.org\/wp-content\/uploads\/2023\/11\/cooperacion-internacinoal.jpg\" class=\"attachment-large size-large wp-image-2699\" alt=\"\" srcset=\"https:\/\/ifmsaspain.org\/wp-content\/uploads\/2023\/11\/cooperacion-internacinoal.jpg 612w, https:\/\/ifmsaspain.org\/wp-content\/uploads\/2023\/11\/cooperacion-internacinoal-300x189.jpg 300w\" sizes=\"auto, (max-width: 612px) 100vw, 612px\" \/>\t\t\t\t\t\t\t\t\t\t\t\t\t\t\t<\/div>\n\t\t\t\t<\/div>\n\t\t\t\t<div class=\"elementor-element elementor-element-f494ecb elementor-widget elementor-widget-image-box\" data-id=\"f494ecb\" data-element_type=\"widget\" data-widget_type=\"image-box.default\">\n\t\t\t\t<div class=\"elementor-widget-container\">\n\t\t\t<div class=\"elementor-image-box-wrapper\"><div class=\"elementor-image-box-content\"><h3 class=\"elementor-image-box-title\">Cooperaci\u00f3n Internacional<\/h3><p class=\"elementor-image-box-description\">Enfoque en la colaboraci\u00f3n entre pa\u00edses y organizaciones para abordar problemas y desaf\u00edos globales, como la pobreza, la falta de acceso a la educaci\u00f3n y la atenci\u00f3n m\u00e9dica, y la promoci\u00f3n del desarrollo sostenible.<\/p><\/div><\/div>\t\t<\/div>\n\t\t\t\t<\/div>\n\t\t\t\t\t<\/div>\n\t\t<\/div>\n\t\t\t\t\t\t\t<\/div>\n\t\t<\/section>\n\t\t\t\t\t<\/div>\n\t\t<\/div>\n\t\t\t\t\t\t\t<\/div>\n\t\t<\/section>\n\t\t\t\t\t\t\t<\/div>\n\t\t","protected":false},"excerpt":{"rendered":"<p>Programas Los programas de IFMSA-Spain son flujos centralizados de las actividades organizadas, tanto por los Comit\u00e9s Locales que conforman la Federaci\u00f3n, como por la propia IFMSA-Spain a nivel nacional.&nbsp; Abordan problemas dentro de un campo espec\u00edfico que el estudiantado de medicna, como defensores de la salud global, considera importantes tratar en el \u00e1mbito local, regional [&hellip;]<\/p>\n","protected":false},"author":1,"featured_media":0,"parent":0,"menu_order":0,"comment_status":"closed","ping_status":"closed","template":"","meta":{"site-sidebar-layout":"no-sidebar","site-content-layout":"","ast-site-content-layout":"full-width-container","site-content-style":"default","site-sidebar-style":"default","ast-global-header-display":"","ast-banner-title-visibility":"","ast-main-header-display":"","ast-hfb-above-header-display":"","ast-hfb-below-header-display":"","ast-hfb-mobile-header-display":"","site-post-title":"disabled","ast-breadcrumbs-content":"","ast-featured-img":"disabled","footer-sml-layout":"","theme-transparent-header-meta":"","adv-header-id-meta":"","stick-header-meta":"","header-above-stick-meta":"","header-main-stick-meta":"","header-below-stick-meta":"","astra-migrate-meta-layouts":"default","ast-page-background-enabled":"default","ast-page-background-meta":{"desktop":{"background-color":"var(--ast-global-color-4)","background-image":"","background-repeat":"repeat","background-position":"center center","background-size":"auto","background-attachment":"scroll","background-type":"","background-media":"","overlay-type":"","overlay-color":"","overlay-opacity":"","overlay-gradient":""},"tablet":{"background-color":"","background-image":"","background-repeat":"repeat","background-position":"center center","background-size":"auto","background-attachment":"scroll","background-type":"","background-media":"","overlay-type":"","overlay-color":"","overlay-opacity":"","overlay-gradient":""},"mobile":{"background-color":"","background-image":"","background-repeat":"repeat","background-position":"center center","background-size":"auto","background-attachment":"scroll","background-type":"","background-media":"","overlay-type":"","overlay-color":"","overlay-opacity":"","overlay-gradient":""}},"ast-content-background-meta":{"desktop":{"background-color":"var(--ast-global-color-5)","background-image":"","background-repeat":"repeat","background-position":"center center","background-size":"auto","background-attachment":"scroll","background-type":"","background-media":"","overlay-type":"","overlay-color":"","overlay-opacity":"","overlay-gradient":""},"tablet":{"background-color":"var(--ast-global-color-5)","background-image":"","background-repeat":"repeat","background-position":"center center","background-size":"auto","background-attachment":"scroll","background-type":"","background-media":"","overlay-type":"","overlay-color":"","overlay-opacity":"","overlay-gradient":""},"mobile":{"background-color":"var(--ast-global-color-5)","background-image":"","background-repeat":"repeat","background-position":"center center","background-size":"auto","background-attachment":"scroll","background-type":"","background-media":"","overlay-type":"","overlay-color":"","overlay-opacity":"","overlay-gradient":""}},"footnotes":""},"class_list":["post-2685","page","type-page","status-publish","hentry"],"_links":{"self":[{"href":"https:\/\/ifmsaspain.org\/index.php\/wp-json\/wp\/v2\/pages\/2685","targetHints":{"allow":["GET"]}}],"collection":[{"href":"https:\/\/ifmsaspain.org\/index.php\/wp-json\/wp\/v2\/pages"}],"about":[{"href":"https:\/\/ifmsaspain.org\/index.php\/wp-json\/wp\/v2\/types\/page"}],"author":[{"embeddable":true,"href":"https:\/\/ifmsaspain.org\/index.php\/wp-json\/wp\/v2\/users\/1"}],"replies":[{"embeddable":true,"href":"https:\/\/ifmsaspain.org\/index.php\/wp-json\/wp\/v2\/comments?post=2685"}],"version-history":[{"count":7,"href":"https:\/\/ifmsaspain.org\/index.php\/wp-json\/wp\/v2\/pages\/2685\/revisions"}],"predecessor-version":[{"id":2714,"href":"https:\/\/ifmsaspain.org\/index.php\/wp-json\/wp\/v2\/pages\/2685\/revisions\/2714"}],"wp:attachment":[{"href":"https:\/\/ifmsaspain.org\/index.php\/wp-json\/wp\/v2\/media?parent=2685"}],"curies":[{"name":"wp","href":"https:\/\/api.w.org\/{rel}","templated":true}]}}